{"id":1134,"date":"2019-12-31T10:29:04","date_gmt":"2019-12-31T09:29:04","guid":{"rendered":"http:\/\/meaux-gymnastique.fr\/?page_id=1134"},"modified":"2019-12-31T10:52:02","modified_gmt":"2019-12-31T09:52:02","slug":"2012-2013","status":"publish","type":"page","link":"https:\/\/meaux-gymnastique.fr\/index.php\/2012-2013\/","title":{"rendered":"2012-2013"},"content":{"rendered":"\n<h2 class=\"wp-block-heading\">Photos 2012-2013<\/h2>\n\n\n\n<h2 class=\"wp-block-heading\">Combs la Ville les 15 et 16 juin 2013<\/h2>\n\n\n\n<div class=\"wp-block-jetpack-slideshow aligncenter\" data-effect=\"slide\"><div class=\"wp-block-jetpack-slideshow_container swiper-container\"><ul class=\"wp-block-jetpack-slideshow_swiper-wrapper swiper-wrapper\"><li class=\"wp-block-jetpack-slideshow_slide swiper-slide\"><figure><img fetchpriority=\"high\" decoding=\"async\" width=\"1000\" height=\"750\" alt=\"\" class=\"wp-block-jetpack-slideshow_image wp-image-1117\" data-id=\"1117\" src=\"http:\/\/meaux-gymnastique.fr\/wp-content\/uploads\/2019\/12\/2013_06_circuit_3_photo_1.jpg\" srcset=\"https:\/\/meaux-gymnastique.fr\/wp-content\/uploads\/2019\/12\/2013_06_circuit_3_photo_1.jpg 1000w, https:\/\/meaux-gymnastique.fr\/wp-content\/uploads\/2019\/12\/2013_06_circuit_3_photo_1-300x225.jpg 300w, https:\/\/meaux-gymnastique.fr\/wp-content\/uploads\/2019\/12\/2013_06_circuit_3_photo_1-768x576.jpg 768w\" sizes=\"(max-width: 1000px) 100vw, 1000px\" \/><\/figure><\/li><li class=\"wp-block-jetpack-slideshow_slide swiper-slide\"><figure><img decoding=\"async\" width=\"1000\" height=\"750\" alt=\"\" class=\"wp-block-jetpack-slideshow_image wp-image-1120\" data-id=\"1120\" src=\"http:\/\/meaux-gymnastique.fr\/wp-content\/uploads\/2019\/12\/2013_06_circuit_3_photo_2.jpg\" srcset=\"https:\/\/meaux-gymnastique.fr\/wp-content\/uploads\/2019\/12\/2013_06_circuit_3_photo_2.jpg 1000w, https:\/\/meaux-gymnastique.fr\/wp-content\/uploads\/2019\/12\/2013_06_circuit_3_photo_2-300x225.jpg 300w, https:\/\/meaux-gymnastique.fr\/wp-content\/uploads\/2019\/12\/2013_06_circuit_3_photo_2-768x576.jpg 768w\" sizes=\"(max-width: 1000px) 100vw, 1000px\" \/><\/figure><\/li><\/ul><a class=\"wp-block-jetpack-slideshow_button-prev swiper-button-prev swiper-button-white\" role=\"button\"><\/a><a class=\"wp-block-jetpack-slideshow_button-next swiper-button-next swiper-button-white\" role=\"button\"><\/a><a aria-label=\"Pause Slideshow\" class=\"wp-block-jetpack-slideshow_button-pause\" role=\"button\"><\/a><div class=\"wp-block-jetpack-slideshow_pagination swiper-pagination swiper-pagination-white\"><\/div><\/div><\/div>\n\n\n\n<h2 class=\"wp-block-heading\">Circuit Educatif du 8 juin 2013<\/h2>\n\n\n\n<div class=\"wp-block-jetpack-slideshow aligncenter\" data-effect=\"slide\"><div class=\"wp-block-jetpack-slideshow_container swiper-container\"><ul class=\"wp-block-jetpack-slideshow_swiper-wrapper swiper-wrapper\"><li class=\"wp-block-jetpack-slideshow_slide swiper-slide\"><figure><img decoding=\"async\" width=\"1000\" height=\"666\" alt=\"\" class=\"wp-block-jetpack-slideshow_image wp-image-1116\" data-id=\"1116\" src=\"http:\/\/meaux-gymnastique.fr\/wp-content\/uploads\/2019\/12\/2013_06_08_poussines_small.jpg\" srcset=\"https:\/\/meaux-gymnastique.fr\/wp-content\/uploads\/2019\/12\/2013_06_08_poussines_small.jpg 1000w, https:\/\/meaux-gymnastique.fr\/wp-content\/uploads\/2019\/12\/2013_06_08_poussines_small-300x200.jpg 300w, https:\/\/meaux-gymnastique.fr\/wp-content\/uploads\/2019\/12\/2013_06_08_poussines_small-768x511.jpg 768w\" sizes=\"(max-width: 1000px) 100vw, 1000px\" \/><\/figure><\/li><li class=\"wp-block-jetpack-slideshow_slide swiper-slide\"><figure><img decoding=\"async\" width=\"1000\" height=\"750\" alt=\"\" class=\"wp-block-jetpack-slideshow_image wp-image-1120\" data-id=\"1120\" src=\"http:\/\/meaux-gymnastique.fr\/wp-content\/uploads\/2019\/12\/2013_06_circuit_3_photo_2.jpg\" srcset=\"https:\/\/meaux-gymnastique.fr\/wp-content\/uploads\/2019\/12\/2013_06_circuit_3_photo_2.jpg 1000w, https:\/\/meaux-gymnastique.fr\/wp-content\/uploads\/2019\/12\/2013_06_circuit_3_photo_2-300x225.jpg 300w, https:\/\/meaux-gymnastique.fr\/wp-content\/uploads\/2019\/12\/2013_06_circuit_3_photo_2-768x576.jpg 768w\" sizes=\"(max-width: 1000px) 100vw, 1000px\" \/><\/figure><\/li><\/ul><a class=\"wp-block-jetpack-slideshow_button-prev swiper-button-prev swiper-button-white\" role=\"button\"><\/a><a class=\"wp-block-jetpack-slideshow_button-next swiper-button-next swiper-button-white\" role=\"button\"><\/a><a aria-label=\"Pause Slideshow\" class=\"wp-block-jetpack-slideshow_button-pause\" role=\"button\"><\/a><div class=\"wp-block-jetpack-slideshow_pagination swiper-pagination swiper-pagination-white\"><\/div><\/div><\/div>\n\n\n\n<h2 class=\"wp-block-heading\">Finale de la Coupe de France \u00e0 Albi et Crit\u00e9rium Benjamines &#8211; 31 mai 2013<\/h2>\n\n\n\n<div class=\"wp-block-jetpack-slideshow aligncenter\" data-effect=\"slide\"><div class=\"wp-block-jetpack-slideshow_container swiper-container\"><ul class=\"wp-block-jetpack-slideshow_swiper-wrapper swiper-wrapper\"><li class=\"wp-block-jetpack-slideshow_slide swiper-slide\"><figure><img loading=\"lazy\" decoding=\"async\" width=\"1000\" height=\"563\" alt=\"\" class=\"wp-block-jetpack-slideshow_image wp-image-1122\" data-id=\"1122\" src=\"http:\/\/meaux-gymnastique.fr\/wp-content\/uploads\/2019\/12\/2013_albi_coupe_de_france_1.jpg\" srcset=\"https:\/\/meaux-gymnastique.fr\/wp-content\/uploads\/2019\/12\/2013_albi_coupe_de_france_1.jpg 1000w, https:\/\/meaux-gymnastique.fr\/wp-content\/uploads\/2019\/12\/2013_albi_coupe_de_france_1-300x169.jpg 300w, https:\/\/meaux-gymnastique.fr\/wp-content\/uploads\/2019\/12\/2013_albi_coupe_de_france_1-768x432.jpg 768w\" sizes=\"(max-width: 1000px) 100vw, 1000px\" \/><\/figure><\/li><li class=\"wp-block-jetpack-slideshow_slide swiper-slide\"><figure><img loading=\"lazy\" decoding=\"async\" width=\"1000\" height=\"750\" alt=\"\" class=\"wp-block-jetpack-slideshow_image wp-image-1123\" data-id=\"1123\" src=\"http:\/\/meaux-gymnastique.fr\/wp-content\/uploads\/2019\/12\/2013_albi_coupe_de_france_3.jpg\" srcset=\"https:\/\/meaux-gymnastique.fr\/wp-content\/uploads\/2019\/12\/2013_albi_coupe_de_france_3.jpg 1000w, https:\/\/meaux-gymnastique.fr\/wp-content\/uploads\/2019\/12\/2013_albi_coupe_de_france_3-300x225.jpg 300w, https:\/\/meaux-gymnastique.fr\/wp-content\/uploads\/2019\/12\/2013_albi_coupe_de_france_3-768x576.jpg 768w\" sizes=\"(max-width: 1000px) 100vw, 1000px\" \/><\/figure><\/li><li class=\"wp-block-jetpack-slideshow_slide swiper-slide\"><figure><img loading=\"lazy\" decoding=\"async\" width=\"1000\" height=\"666\" alt=\"\" class=\"wp-block-jetpack-slideshow_image wp-image-1124\" data-id=\"1124\" src=\"http:\/\/meaux-gymnastique.fr\/wp-content\/uploads\/2019\/12\/2013_albi_criterium_benjamines.jpg\" srcset=\"https:\/\/meaux-gymnastique.fr\/wp-content\/uploads\/2019\/12\/2013_albi_criterium_benjamines.jpg 1000w, https:\/\/meaux-gymnastique.fr\/wp-content\/uploads\/2019\/12\/2013_albi_criterium_benjamines-300x200.jpg 300w, https:\/\/meaux-gymnastique.fr\/wp-content\/uploads\/2019\/12\/2013_albi_criterium_benjamines-768x511.jpg 768w\" sizes=\"(max-width: 1000px) 100vw, 1000px\" \/><figcaption class=\"wp-block-jetpack-slideshow_caption gallery-caption\">L&rsquo;\u00e9quipe de benjamines \u00e0 Albi<\/figcaption><\/figure><\/li><\/ul><a class=\"wp-block-jetpack-slideshow_button-prev swiper-button-prev swiper-button-white\" role=\"button\"><\/a><a class=\"wp-block-jetpack-slideshow_button-next swiper-button-next swiper-button-white\" role=\"button\"><\/a><a aria-label=\"Pause Slideshow\" class=\"wp-block-jetpack-slideshow_button-pause\" role=\"button\"><\/a><div class=\"wp-block-jetpack-slideshow_pagination swiper-pagination swiper-pagination-white\"><\/div><\/div><\/div>\n\n\n\n<h2 class=\"wp-block-heading\">Championnat de France DN2 \u00e0 Oyonnax les 24 et 25 mai 2013<\/h2>\n\n\n\n<div class=\"wp-block-jetpack-slideshow aligncenter\" data-effect=\"slide\"><div class=\"wp-block-jetpack-slideshow_container swiper-container\"><ul class=\"wp-block-jetpack-slideshow_swiper-wrapper swiper-wrapper\"><li class=\"wp-block-jetpack-slideshow_slide swiper-slide\"><figure><img loading=\"lazy\" decoding=\"async\" width=\"1000\" height=\"750\" alt=\"\" class=\"wp-block-jetpack-slideshow_image wp-image-1115\" data-id=\"1115\" src=\"http:\/\/meaux-gymnastique.fr\/wp-content\/uploads\/2019\/12\/2013_05_24_oyonnax_1.jpg\" srcset=\"https:\/\/meaux-gymnastique.fr\/wp-content\/uploads\/2019\/12\/2013_05_24_oyonnax_1.jpg 1000w, https:\/\/meaux-gymnastique.fr\/wp-content\/uploads\/2019\/12\/2013_05_24_oyonnax_1-300x225.jpg 300w, https:\/\/meaux-gymnastique.fr\/wp-content\/uploads\/2019\/12\/2013_05_24_oyonnax_1-768x576.jpg 768w\" sizes=\"(max-width: 1000px) 100vw, 1000px\" \/><\/figure><\/li><\/ul><a class=\"wp-block-jetpack-slideshow_button-prev swiper-button-prev swiper-button-white\" role=\"button\"><\/a><a class=\"wp-block-jetpack-slideshow_button-next swiper-button-next swiper-button-white\" role=\"button\"><\/a><a aria-label=\"Pause Slideshow\" class=\"wp-block-jetpack-slideshow_button-pause\" role=\"button\"><\/a><div class=\"wp-block-jetpack-slideshow_pagination swiper-pagination swiper-pagination-white\"><\/div><\/div><\/div>\n\n\n\n<h2 class=\"wp-block-heading\">Individuels \u00e0 Cognac le 12 mai 2013<\/h2>\n\n\n\n<div class=\"wp-block-jetpack-slideshow aligncenter\" data-effect=\"slide\"><div class=\"wp-block-jetpack-slideshow_container swiper-container\"><ul class=\"wp-block-jetpack-slideshow_swiper-wrapper swiper-wrapper\"><li class=\"wp-block-jetpack-slideshow_slide swiper-slide\"><figure><img loading=\"lazy\" decoding=\"async\" width=\"1000\" height=\"750\" alt=\"\" class=\"wp-block-jetpack-slideshow_image wp-image-1113\" data-id=\"1113\" src=\"http:\/\/meaux-gymnastique.fr\/wp-content\/uploads\/2019\/12\/2013_05_12_individuels_cognac_1.jpg\" srcset=\"https:\/\/meaux-gymnastique.fr\/wp-content\/uploads\/2019\/12\/2013_05_12_individuels_cognac_1.jpg 1000w, https:\/\/meaux-gymnastique.fr\/wp-content\/uploads\/2019\/12\/2013_05_12_individuels_cognac_1-300x225.jpg 300w, https:\/\/meaux-gymnastique.fr\/wp-content\/uploads\/2019\/12\/2013_05_12_individuels_cognac_1-768x576.jpg 768w\" sizes=\"(max-width: 1000px) 100vw, 1000px\" \/><\/figure><\/li><li class=\"wp-block-jetpack-slideshow_slide swiper-slide\"><figure><img loading=\"lazy\" decoding=\"async\" width=\"1000\" height=\"750\" alt=\"\" class=\"wp-block-jetpack-slideshow_image wp-image-1114\" data-id=\"1114\" src=\"http:\/\/meaux-gymnastique.fr\/wp-content\/uploads\/2019\/12\/2013_05_12_individuels_cognac_2.jpg\" srcset=\"https:\/\/meaux-gymnastique.fr\/wp-content\/uploads\/2019\/12\/2013_05_12_individuels_cognac_2.jpg 1000w, https:\/\/meaux-gymnastique.fr\/wp-content\/uploads\/2019\/12\/2013_05_12_individuels_cognac_2-300x225.jpg 300w, https:\/\/meaux-gymnastique.fr\/wp-content\/uploads\/2019\/12\/2013_05_12_individuels_cognac_2-768x576.jpg 768w\" sizes=\"(max-width: 1000px) 100vw, 1000px\" \/><\/figure><\/li><\/ul><a class=\"wp-block-jetpack-slideshow_button-prev swiper-button-prev swiper-button-white\" role=\"button\"><\/a><a class=\"wp-block-jetpack-slideshow_button-next swiper-button-next swiper-button-white\" role=\"button\"><\/a><a aria-label=\"Pause Slideshow\" class=\"wp-block-jetpack-slideshow_button-pause\" role=\"button\"><\/a><div class=\"wp-block-jetpack-slideshow_pagination swiper-pagination swiper-pagination-white\"><\/div><\/div><\/div>\n\n\n\n<h2 class=\"wp-block-heading\">Demi-Finale de la Coupe de France \u00e0 Meaux, le 27 avril 2013<\/h2>\n\n\n\n<div class=\"wp-block-jetpack-slideshow aligncenter\" data-effect=\"slide\"><div class=\"wp-block-jetpack-slideshow_container swiper-container\"><ul class=\"wp-block-jetpack-slideshow_swiper-wrapper swiper-wrapper\"><li class=\"wp-block-jetpack-slideshow_slide swiper-slide\"><figure><img loading=\"lazy\" decoding=\"async\" width=\"706\" height=\"1000\" alt=\"\" class=\"wp-block-jetpack-slideshow_image wp-image-1112\" data-id=\"1112\" src=\"http:\/\/meaux-gymnastique.fr\/wp-content\/uploads\/2019\/12\/2013_04_demi_finale_coupe_france.jpg\" srcset=\"https:\/\/meaux-gymnastique.fr\/wp-content\/uploads\/2019\/12\/2013_04_demi_finale_coupe_france.jpg 706w, https:\/\/meaux-gymnastique.fr\/wp-content\/uploads\/2019\/12\/2013_04_demi_finale_coupe_france-212x300.jpg 212w\" sizes=\"(max-width: 706px) 100vw, 706px\" \/><\/figure><\/li><li class=\"wp-block-jetpack-slideshow_slide swiper-slide\"><figure><img loading=\"lazy\" decoding=\"async\" width=\"1000\" height=\"849\" alt=\"\" class=\"wp-block-jetpack-slideshow_image wp-image-1125\" data-id=\"1125\" src=\"http:\/\/meaux-gymnastique.fr\/wp-content\/uploads\/2019\/12\/2013-_04_27_2.jpg\" srcset=\"https:\/\/meaux-gymnastique.fr\/wp-content\/uploads\/2019\/12\/2013-_04_27_2.jpg 1000w, https:\/\/meaux-gymnastique.fr\/wp-content\/uploads\/2019\/12\/2013-_04_27_2-300x255.jpg 300w, https:\/\/meaux-gymnastique.fr\/wp-content\/uploads\/2019\/12\/2013-_04_27_2-768x652.jpg 768w\" sizes=\"(max-width: 1000px) 100vw, 1000px\" \/><figcaption class=\"wp-block-jetpack-slideshow_caption gallery-caption\">Belle seconde place sur le podium<\/figcaption><\/figure><\/li><li class=\"wp-block-jetpack-slideshow_slide swiper-slide\"><figure><img loading=\"lazy\" decoding=\"async\" width=\"1000\" height=\"750\" alt=\"\" class=\"wp-block-jetpack-slideshow_image wp-image-1111\" data-id=\"1111\" src=\"http:\/\/meaux-gymnastique.fr\/wp-content\/uploads\/2019\/12\/2013_04_27_1.jpg\" srcset=\"https:\/\/meaux-gymnastique.fr\/wp-content\/uploads\/2019\/12\/2013_04_27_1.jpg 1000w, https:\/\/meaux-gymnastique.fr\/wp-content\/uploads\/2019\/12\/2013_04_27_1-300x225.jpg 300w, https:\/\/meaux-gymnastique.fr\/wp-content\/uploads\/2019\/12\/2013_04_27_1-768x576.jpg 768w\" sizes=\"(max-width: 1000px) 100vw, 1000px\" \/><figcaption class=\"wp-block-jetpack-slideshow_caption gallery-caption\">Belle seconde place sur le podium<\/figcaption><\/figure><\/li><\/ul><a class=\"wp-block-jetpack-slideshow_button-prev swiper-button-prev swiper-button-white\" role=\"button\"><\/a><a class=\"wp-block-jetpack-slideshow_button-next swiper-button-next swiper-button-white\" role=\"button\"><\/a><a aria-label=\"Pause Slideshow\" class=\"wp-block-jetpack-slideshow_button-pause\" role=\"button\"><\/a><div class=\"wp-block-jetpack-slideshow_pagination swiper-pagination swiper-pagination-white\"><\/div><\/div><\/div>\n\n\n\n<h2 class=\"wp-block-heading\">Championnat de France Elite et Top 12 \u00e0 Mulhouse les 23 et 24 mars 2013<\/h2>\n\n\n\n<div class=\"wp-block-jetpack-slideshow aligncenter\" data-effect=\"slide\"><div class=\"wp-block-jetpack-slideshow_container swiper-container\"><ul class=\"wp-block-jetpack-slideshow_swiper-wrapper swiper-wrapper\"><li class=\"wp-block-jetpack-slideshow_slide swiper-slide\"><figure><img loading=\"lazy\" decoding=\"async\" width=\"666\" height=\"1000\" alt=\"\" class=\"wp-block-jetpack-slideshow_image wp-image-1121\" data-id=\"1121\" src=\"http:\/\/meaux-gymnastique.fr\/wp-content\/uploads\/2019\/12\/2013_affiche_mulhouse_250.jpg\" srcset=\"https:\/\/meaux-gymnastique.fr\/wp-content\/uploads\/2019\/12\/2013_affiche_mulhouse_250.jpg 666w, https:\/\/meaux-gymnastique.fr\/wp-content\/uploads\/2019\/12\/2013_affiche_mulhouse_250-200x300.jpg 200w\" sizes=\"(max-width: 666px) 100vw, 666px\" \/><\/figure><\/li><li class=\"wp-block-jetpack-slideshow_slide swiper-slide\"><figure><img loading=\"lazy\" decoding=\"async\" width=\"1000\" height=\"750\" alt=\"\" class=\"wp-block-jetpack-slideshow_image wp-image-1108\" data-id=\"1108\" src=\"http:\/\/meaux-gymnastique.fr\/wp-content\/uploads\/2019\/12\/2013_03_mulhouse_1.jpg\" srcset=\"https:\/\/meaux-gymnastique.fr\/wp-content\/uploads\/2019\/12\/2013_03_mulhouse_1.jpg 1000w, https:\/\/meaux-gymnastique.fr\/wp-content\/uploads\/2019\/12\/2013_03_mulhouse_1-300x225.jpg 300w, https:\/\/meaux-gymnastique.fr\/wp-content\/uploads\/2019\/12\/2013_03_mulhouse_1-768x576.jpg 768w\" sizes=\"(max-width: 1000px) 100vw, 1000px\" \/><\/figure><\/li><li class=\"wp-block-jetpack-slideshow_slide swiper-slide\"><figure><img loading=\"lazy\" decoding=\"async\" width=\"1000\" height=\"750\" alt=\"\" class=\"wp-block-jetpack-slideshow_image wp-image-1109\" data-id=\"1109\" src=\"http:\/\/meaux-gymnastique.fr\/wp-content\/uploads\/2019\/12\/2013_03_mulhouse_2.jpg\" srcset=\"https:\/\/meaux-gymnastique.fr\/wp-content\/uploads\/2019\/12\/2013_03_mulhouse_2.jpg 1000w, https:\/\/meaux-gymnastique.fr\/wp-content\/uploads\/2019\/12\/2013_03_mulhouse_2-300x225.jpg 300w, https:\/\/meaux-gymnastique.fr\/wp-content\/uploads\/2019\/12\/2013_03_mulhouse_2-768x576.jpg 768w\" sizes=\"(max-width: 1000px) 100vw, 1000px\" \/><\/figure><\/li><li class=\"wp-block-jetpack-slideshow_slide swiper-slide\"><figure><img loading=\"lazy\" decoding=\"async\" width=\"1000\" height=\"666\" alt=\"\" class=\"wp-block-jetpack-slideshow_image wp-image-1110\" data-id=\"1110\" src=\"http:\/\/meaux-gymnastique.fr\/wp-content\/uploads\/2019\/12\/2013_03_mulhouse_3.jpg\" srcset=\"https:\/\/meaux-gymnastique.fr\/wp-content\/uploads\/2019\/12\/2013_03_mulhouse_3.jpg 1000w, https:\/\/meaux-gymnastique.fr\/wp-content\/uploads\/2019\/12\/2013_03_mulhouse_3-300x200.jpg 300w, https:\/\/meaux-gymnastique.fr\/wp-content\/uploads\/2019\/12\/2013_03_mulhouse_3-768x511.jpg 768w\" sizes=\"(max-width: 1000px) 100vw, 1000px\" \/><\/figure><\/li><\/ul><a class=\"wp-block-jetpack-slideshow_button-prev swiper-button-prev swiper-button-white\" role=\"button\"><\/a><a class=\"wp-block-jetpack-slideshow_button-next swiper-button-next swiper-button-white\" role=\"button\"><\/a><a aria-label=\"Pause Slideshow\" class=\"wp-block-jetpack-slideshow_button-pause\" role=\"button\"><\/a><div class=\"wp-block-jetpack-slideshow_pagination swiper-pagination swiper-pagination-white\"><\/div><\/div><\/div>\n\n\n\n<h2 class=\"wp-block-heading\">Noisy le Sec les 23 et 24 f\u00e9vrier 2013<\/h2>\n\n\n\n<div class=\"wp-block-jetpack-slideshow aligncenter\" data-effect=\"slide\"><div class=\"wp-block-jetpack-slideshow_container swiper-container\"><ul class=\"wp-block-jetpack-slideshow_swiper-wrapper swiper-wrapper\"><li class=\"wp-block-jetpack-slideshow_slide swiper-slide\"><figure><img loading=\"lazy\" decoding=\"async\" width=\"667\" height=\"1000\" alt=\"\" class=\"wp-block-jetpack-slideshow_image wp-image-1130\" data-id=\"1130\" src=\"http:\/\/meaux-gymnastique.fr\/wp-content\/uploads\/2019\/12\/IMG_7711_small.jpg\" srcset=\"https:\/\/meaux-gymnastique.fr\/wp-content\/uploads\/2019\/12\/IMG_7711_small.jpg 667w, https:\/\/meaux-gymnastique.fr\/wp-content\/uploads\/2019\/12\/IMG_7711_small-200x300.jpg 200w\" sizes=\"(max-width: 667px) 100vw, 667px\" \/><\/figure><\/li><li class=\"wp-block-jetpack-slideshow_slide swiper-slide\"><figure><img loading=\"lazy\" decoding=\"async\" width=\"1000\" height=\"666\" alt=\"\" class=\"wp-block-jetpack-slideshow_image wp-image-1131\" data-id=\"1131\" src=\"http:\/\/meaux-gymnastique.fr\/wp-content\/uploads\/2019\/12\/IMG_7712_small.jpg\" srcset=\"https:\/\/meaux-gymnastique.fr\/wp-content\/uploads\/2019\/12\/IMG_7712_small.jpg 1000w, https:\/\/meaux-gymnastique.fr\/wp-content\/uploads\/2019\/12\/IMG_7712_small-300x200.jpg 300w, https:\/\/meaux-gymnastique.fr\/wp-content\/uploads\/2019\/12\/IMG_7712_small-768x511.jpg 768w\" sizes=\"(max-width: 1000px) 100vw, 1000px\" \/><\/figure><\/li><\/ul><a class=\"wp-block-jetpack-slideshow_button-prev swiper-button-prev swiper-button-white\" role=\"button\"><\/a><a class=\"wp-block-jetpack-slideshow_button-next swiper-button-next swiper-button-white\" role=\"button\"><\/a><a aria-label=\"Pause Slideshow\" class=\"wp-block-jetpack-slideshow_button-pause\" role=\"button\"><\/a><div class=\"wp-block-jetpack-slideshow_pagination swiper-pagination swiper-pagination-white\"><\/div><\/div><\/div>\n\n\n\n<h2 class=\"wp-block-heading\">Combs la Ville les 9 et 10 f\u00e9vrier 2013<\/h2>\n\n\n\n<div class=\"wp-block-jetpack-slideshow aligncenter\" data-effect=\"slide\"><div class=\"wp-block-jetpack-slideshow_container swiper-container\"><ul class=\"wp-block-jetpack-slideshow_swiper-wrapper swiper-wrapper\"><li class=\"wp-block-jetpack-slideshow_slide swiper-slide\"><figure><img loading=\"lazy\" decoding=\"async\" width=\"666\" height=\"1000\" alt=\"\" class=\"wp-block-jetpack-slideshow_image wp-image-1129\" data-id=\"1129\" src=\"http:\/\/meaux-gymnastique.fr\/wp-content\/uploads\/2019\/12\/combs_fev_2013_20_small.jpg\" srcset=\"https:\/\/meaux-gymnastique.fr\/wp-content\/uploads\/2019\/12\/combs_fev_2013_20_small.jpg 666w, https:\/\/meaux-gymnastique.fr\/wp-content\/uploads\/2019\/12\/combs_fev_2013_20_small-200x300.jpg 200w\" sizes=\"(max-width: 666px) 100vw, 666px\" \/><\/figure><\/li><li class=\"wp-block-jetpack-slideshow_slide swiper-slide\"><figure><img loading=\"lazy\" decoding=\"async\" width=\"666\" height=\"1000\" alt=\"\" class=\"wp-block-jetpack-slideshow_image wp-image-1128\" data-id=\"1128\" src=\"http:\/\/meaux-gymnastique.fr\/wp-content\/uploads\/2019\/12\/combs_fev_2013_18_small.jpg\" srcset=\"https:\/\/meaux-gymnastique.fr\/wp-content\/uploads\/2019\/12\/combs_fev_2013_18_small.jpg 666w, https:\/\/meaux-gymnastique.fr\/wp-content\/uploads\/2019\/12\/combs_fev_2013_18_small-200x300.jpg 200w\" sizes=\"(max-width: 666px) 100vw, 666px\" \/><\/figure><\/li><li class=\"wp-block-jetpack-slideshow_slide swiper-slide\"><figure><img loading=\"lazy\" decoding=\"async\" width=\"666\" height=\"1000\" alt=\"\" class=\"wp-block-jetpack-slideshow_image wp-image-1127\" data-id=\"1127\" src=\"http:\/\/meaux-gymnastique.fr\/wp-content\/uploads\/2019\/12\/combs_fev_2013_15_small.jpg\" srcset=\"https:\/\/meaux-gymnastique.fr\/wp-content\/uploads\/2019\/12\/combs_fev_2013_15_small.jpg 666w, https:\/\/meaux-gymnastique.fr\/wp-content\/uploads\/2019\/12\/combs_fev_2013_15_small-200x300.jpg 200w\" sizes=\"(max-width: 666px) 100vw, 666px\" \/><\/figure><\/li><li class=\"wp-block-jetpack-slideshow_slide swiper-slide\"><figure><img loading=\"lazy\" decoding=\"async\" width=\"1000\" height=\"667\" alt=\"\" class=\"wp-block-jetpack-slideshow_image wp-image-1126\" data-id=\"1126\" src=\"http:\/\/meaux-gymnastique.fr\/wp-content\/uploads\/2019\/12\/combs_fev_2013_12_small.jpg\" srcset=\"https:\/\/meaux-gymnastique.fr\/wp-content\/uploads\/2019\/12\/combs_fev_2013_12_small.jpg 1000w, https:\/\/meaux-gymnastique.fr\/wp-content\/uploads\/2019\/12\/combs_fev_2013_12_small-300x200.jpg 300w, https:\/\/meaux-gymnastique.fr\/wp-content\/uploads\/2019\/12\/combs_fev_2013_12_small-768x512.jpg 768w\" sizes=\"(max-width: 1000px) 100vw, 1000px\" \/><\/figure><\/li><\/ul><a class=\"wp-block-jetpack-slideshow_button-prev swiper-button-prev swiper-button-white\" role=\"button\"><\/a><a class=\"wp-block-jetpack-slideshow_button-next swiper-button-next swiper-button-white\" role=\"button\"><\/a><a aria-label=\"Pause Slideshow\" class=\"wp-block-jetpack-slideshow_button-pause\" role=\"button\"><\/a><div class=\"wp-block-jetpack-slideshow_pagination swiper-pagination swiper-pagination-white\"><\/div><\/div><\/div>\n\n\n\n<h2 class=\"wp-block-heading\">Chelles les 2 et 3 f\u00e9vrier 2013<\/h2>\n\n\n\n<div class=\"wp-block-jetpack-slideshow aligncenter\" data-effect=\"slide\"><div class=\"wp-block-jetpack-slideshow_container swiper-container\"><ul class=\"wp-block-jetpack-slideshow_swiper-wrapper swiper-wrapper\"><li class=\"wp-block-jetpack-slideshow_slide swiper-slide\"><figure><img loading=\"lazy\" decoding=\"async\" width=\"1000\" height=\"750\" alt=\"\" class=\"wp-block-jetpack-slideshow_image wp-image-1133\" data-id=\"1133\" src=\"http:\/\/meaux-gymnastique.fr\/wp-content\/uploads\/2019\/12\/P1030042_small.jpg\" srcset=\"https:\/\/meaux-gymnastique.fr\/wp-content\/uploads\/2019\/12\/P1030042_small.jpg 1000w, https:\/\/meaux-gymnastique.fr\/wp-content\/uploads\/2019\/12\/P1030042_small-300x225.jpg 300w, https:\/\/meaux-gymnastique.fr\/wp-content\/uploads\/2019\/12\/P1030042_small-768x576.jpg 768w\" sizes=\"(max-width: 1000px) 100vw, 1000px\" \/><\/figure><\/li><\/ul><a class=\"wp-block-jetpack-slideshow_button-prev swiper-button-prev swiper-button-white\" role=\"button\"><\/a><a class=\"wp-block-jetpack-slideshow_button-next swiper-button-next swiper-button-white\" role=\"button\"><\/a><a aria-label=\"Pause Slideshow\" class=\"wp-block-jetpack-slideshow_button-pause\" role=\"button\"><\/a><div class=\"wp-block-jetpack-slideshow_pagination swiper-pagination swiper-pagination-white\"><\/div><\/div><\/div>\n\n\n\n<h2 class=\"wp-block-heading\">Combs la Ville le 15 d\u00e9cembre 2012<\/h2>\n\n\n\n<div class=\"wp-block-jetpack-slideshow aligncenter\" data-effect=\"slide\"><div class=\"wp-block-jetpack-slideshow_container swiper-container\"><ul class=\"wp-block-jetpack-slideshow_swiper-wrapper swiper-wrapper\"><li class=\"wp-block-jetpack-slideshow_slide swiper-slide\"><figure><img loading=\"lazy\" decoding=\"async\" width=\"732\" height=\"1000\" alt=\"\" class=\"wp-block-jetpack-slideshow_image wp-image-1107\" data-id=\"1107\" src=\"http:\/\/meaux-gymnastique.fr\/wp-content\/uploads\/2019\/12\/2012_12_combs_la_ville.jpg\" srcset=\"https:\/\/meaux-gymnastique.fr\/wp-content\/uploads\/2019\/12\/2012_12_combs_la_ville.jpg 732w, https:\/\/meaux-gymnastique.fr\/wp-content\/uploads\/2019\/12\/2012_12_combs_la_ville-220x300.jpg 220w\" sizes=\"(max-width: 732px) 100vw, 732px\" \/><\/figure><\/li><\/ul><a class=\"wp-block-jetpack-slideshow_button-prev swiper-button-prev swiper-button-white\" role=\"button\"><\/a><a class=\"wp-block-jetpack-slideshow_button-next swiper-button-next swiper-button-white\" role=\"button\"><\/a><a aria-label=\"Pause Slideshow\" class=\"wp-block-jetpack-slideshow_button-pause\" role=\"button\"><\/a><div class=\"wp-block-jetpack-slideshow_pagination swiper-pagination swiper-pagination-white\"><\/div><\/div><\/div>\n\n\n\n<h2 class=\"wp-block-heading\">Metz le 2 d\u00e9cembre 2013<\/h2>\n\n\n\n<div class=\"wp-block-jetpack-slideshow aligncenter\" data-effect=\"slide\"><div class=\"wp-block-jetpack-slideshow_container swiper-container\"><ul class=\"wp-block-jetpack-slideshow_swiper-wrapper swiper-wrapper\"><li class=\"wp-block-jetpack-slideshow_slide swiper-slide\"><figure><img loading=\"lazy\" decoding=\"async\" width=\"1000\" height=\"805\" alt=\"\" class=\"wp-block-jetpack-slideshow_image wp-image-1132\" data-id=\"1132\" src=\"http:\/\/meaux-gymnastique.fr\/wp-content\/uploads\/2019\/12\/marine_boyer_metz.jpg\" srcset=\"https:\/\/meaux-gymnastique.fr\/wp-content\/uploads\/2019\/12\/marine_boyer_metz.jpg 1000w, https:\/\/meaux-gymnastique.fr\/wp-content\/uploads\/2019\/12\/marine_boyer_metz-300x242.jpg 300w, https:\/\/meaux-gymnastique.fr\/wp-content\/uploads\/2019\/12\/marine_boyer_metz-768x618.jpg 768w\" sizes=\"(max-width: 1000px) 100vw, 1000px\" \/><\/figure><\/li><\/ul><a class=\"wp-block-jetpack-slideshow_button-prev swiper-button-prev swiper-button-white\" role=\"button\"><\/a><a class=\"wp-block-jetpack-slideshow_button-next swiper-button-next swiper-button-white\" role=\"button\"><\/a><a aria-label=\"Pause Slideshow\" class=\"wp-block-jetpack-slideshow_button-pause\" role=\"button\"><\/a><div class=\"wp-block-jetpack-slideshow_pagination swiper-pagination swiper-pagination-white\"><\/div><\/div><\/div>\n\n\n\n<h2 class=\"wp-block-heading\">Assembl\u00e9e G\u00e9n\u00e9rale du samedi 15 d\u00e9cembre 2012<\/h2>\n\n\n\n<div class=\"wp-block-jetpack-slideshow aligncenter\" data-effect=\"slide\"><div class=\"wp-block-jetpack-slideshow_container swiper-container\"><ul class=\"wp-block-jetpack-slideshow_swiper-wrapper swiper-wrapper\"><li class=\"wp-block-jetpack-slideshow_slide swiper-slide\"><figure><img loading=\"lazy\" decoding=\"async\" width=\"1000\" height=\"750\" alt=\"\" class=\"wp-block-jetpack-slideshow_image wp-image-1105\" data-id=\"1105\" src=\"http:\/\/meaux-gymnastique.fr\/wp-content\/uploads\/2019\/12\/2012_12_15_ag_1.jpg\" srcset=\"https:\/\/meaux-gymnastique.fr\/wp-content\/uploads\/2019\/12\/2012_12_15_ag_1.jpg 1000w, https:\/\/meaux-gymnastique.fr\/wp-content\/uploads\/2019\/12\/2012_12_15_ag_1-300x225.jpg 300w, https:\/\/meaux-gymnastique.fr\/wp-content\/uploads\/2019\/12\/2012_12_15_ag_1-768x576.jpg 768w\" sizes=\"(max-width: 1000px) 100vw, 1000px\" \/><\/figure><\/li><li class=\"wp-block-jetpack-slideshow_slide swiper-slide\"><figure><img loading=\"lazy\" decoding=\"async\" width=\"1000\" height=\"750\" alt=\"\" class=\"wp-block-jetpack-slideshow_image wp-image-1106\" data-id=\"1106\" src=\"http:\/\/meaux-gymnastique.fr\/wp-content\/uploads\/2019\/12\/2012_12_15_ag_2.jpg\" srcset=\"https:\/\/meaux-gymnastique.fr\/wp-content\/uploads\/2019\/12\/2012_12_15_ag_2.jpg 1000w, https:\/\/meaux-gymnastique.fr\/wp-content\/uploads\/2019\/12\/2012_12_15_ag_2-300x225.jpg 300w, https:\/\/meaux-gymnastique.fr\/wp-content\/uploads\/2019\/12\/2012_12_15_ag_2-768x576.jpg 768w\" sizes=\"(max-width: 1000px) 100vw, 1000px\" \/><\/figure><\/li><\/ul><a class=\"wp-block-jetpack-slideshow_button-prev swiper-button-prev swiper-button-white\" role=\"button\"><\/a><a class=\"wp-block-jetpack-slideshow_button-next swiper-button-next swiper-button-white\" role=\"button\"><\/a><a aria-label=\"Pause Slideshow\" class=\"wp-block-jetpack-slideshow_button-pause\" role=\"button\"><\/a><div class=\"wp-block-jetpack-slideshow_pagination swiper-pagination swiper-pagination-white\"><\/div><\/div><\/div>\n","protected":false},"excerpt":{"rendered":"<p>Photos 2012-2013 Combs la Ville les 15 et 16 juin 2013 Circuit Educatif du 8 juin 2013 Finale de la<\/p>\n","protected":false},"author":1,"featured_media":0,"parent":0,"menu_order":0,"comment_status":"closed","ping_status":"closed","template":"","meta":{"colormag_page_container_layout":"no_sidebar_full_width","colormag_page_sidebar_layout":"no_sidebar","jetpack_post_was_ever_published":false,"footnotes":""},"class_list":["post-1134","page","type-page","status-publish","hentry"],"jetpack_sharing_enabled":true,"_links":{"self":[{"href":"https:\/\/meaux-gymnastique.fr\/index.php\/wp-json\/wp\/v2\/pages\/1134","targetHints":{"allow":["GET"]}}],"collection":[{"href":"https:\/\/meaux-gymnastique.fr\/index.php\/wp-json\/wp\/v2\/pages"}],"about":[{"href":"https:\/\/meaux-gymnastique.fr\/index.php\/wp-json\/wp\/v2\/types\/page"}],"author":[{"embeddable":true,"href":"https:\/\/meaux-gymnastique.fr\/index.php\/wp-json\/wp\/v2\/users\/1"}],"replies":[{"embeddable":true,"href":"https:\/\/meaux-gymnastique.fr\/index.php\/wp-json\/wp\/v2\/comments?post=1134"}],"version-history":[{"count":5,"href":"https:\/\/meaux-gymnastique.fr\/index.php\/wp-json\/wp\/v2\/pages\/1134\/revisions"}],"predecessor-version":[{"id":1141,"href":"https:\/\/meaux-gymnastique.fr\/index.php\/wp-json\/wp\/v2\/pages\/1134\/revisions\/1141"}],"wp:attachment":[{"href":"https:\/\/meaux-gymnastique.fr\/index.php\/wp-json\/wp\/v2\/media?parent=1134"}],"curies":[{"name":"wp","href":"https:\/\/api.w.org\/{rel}","templated":true}]}}